{"id":1583,"date":"2025-02-06T20:40:05","date_gmt":"2025-02-06T19:40:05","guid":{"rendered":"https:\/\/relax-naturkosmetik.de\/?page_id=1583"},"modified":"2025-02-14T18:18:29","modified_gmt":"2025-02-14T17:18:29","slug":"datenschutzerklaerung","status":"publish","type":"page","link":"https:\/\/relax-naturkosmetik.de\/home\/datenschutzerklaerung\/","title":{"rendered":"Datenschutzerkl\u00e4rung"},"content":{"rendered":"\n<p><strong>Datenschutzerkl\u00e4rung nach der DSGVO<\/strong><\/p>\n\n\n\n<p><strong>Allgemeine Hinweise<\/strong><\/p>\n\n\n\n<p>Die folgenden Hinweise geben einen einfachen \u00dcberblick dar\u00fcber, was mit Ihren personenbezogenen Daten passiert, wenn Sie diese Website besuchen. Personenbezogene Daten sind alle Daten, mit denen Sie pers\u00f6nlich identifiziert werden k\u00f6nnen.<\/p>\n\n\n\n<p><br><strong>Name und Anschrift des Verantwortlichen<\/strong><br>Der Verantwortliche im Sinne der Datenschutz-Grundverordnung und anderer nationaler<br>Datenschutzgesetze der Mitgliedsstaaten sowie sonstiger datenschutzrechtlicher<br>Bestimmungen ist die:<\/p>\n\n\n\n<p><br>Relax Naturkosmetikstudio Ivana Linder<br>Schelmenpfad 23<br>71701 Schwieberdingen<br>Deutschland<br>Tel.: 07151 919521<br>E-Mail: info@relax-naturkosmetik.de<br><br><\/p>\n\n\n\n<p><strong> Allgemeines zur Datenverarbeitung<\/strong><\/p>\n\n\n\n<p><\/p>\n\n\n\n<div class=\"wp-block-group\"><div class=\"wp-block-group__inner-container is-layout-constrained wp-block-group-is-layout-constrained\">\n<ol class=\"wp-block-list\">\n<li>Umfang der Verarbeitung personenbezogener Daten<br>Wir verarbeiten personenbezogene Daten unserer Nutzer grunds\u00e4tzlich nur, soweit dies zur<br>Bereitstellung einer funktionsf\u00e4higen Website sowie unserer Inhalte und Leistungen<br>erforderlich ist. Die Verarbeitung personenbezogener Daten unserer Nutzer erfolgt<br>regelm\u00e4\u00dfig nur nach Einwilligung des Nutzers. Eine Ausnahme gilt in solchen F\u00e4llen, in denen<br>eine vorherige Einholung einer Einwilligung aus tats\u00e4chlichen Gr\u00fcnden nicht m\u00f6glich ist und<br>die Verarbeitung der Daten durch gesetzliche Vorschriften gestattet ist.<\/li>\n\n\n\n<li>Rechtsgrundlage f\u00fcr die Verarbeitung personenbezogener Daten<br>Soweit wir f\u00fcr Verarbeitungsvorg\u00e4nge personenbezogener Daten eine Einwilligung der<br>betroffenen Person einholen, dient Art. 6 Abs. 1 lit. a EU-Datenschutzgrundverordnung<br>(DSGVO) als Rechtsgrundlage.<br>Bei der Verarbeitung von personenbezogenen Daten, die zur Erf\u00fcllung eines Vertrages, dessen<br>Vertragspartei die betroffene Person ist, erforderlich ist, dient Art. 6 Abs. 1 lit. b DSGVO als<br>Rechtsgrundlage. Dies gilt auch f\u00fcr Verarbeitungsvorg\u00e4nge, die zur Durchf\u00fchrung<br>vorvertraglicher Ma\u00dfnahmen erforderlich sind.<br>Soweit eine Verarbeitung personenbezogener Daten zur Erf\u00fcllung einer rechtlichen<br>Verpflichtung erforderlich ist, der unser Unternehmen unterliegt, dient Art. 6 Abs. 1 lit. c<br>DSGVO als Rechtsgrundlage.<br>Ist die Verarbeitung zur Wahrung eines berechtigten Interesses unseres Unternehmens oder<br>eines Dritten erforderlich und \u00fcberwiegen die Interessen, Grundrechte und Grundfreiheiten<br>des Betroffenen das erstgenannte Interesse nicht, so dient Art. 6 Abs. 1 lit. f DSGVO als<br>Rechtsgrundlage f\u00fcr die Verarbeitung.<\/li>\n\n\n\n<li>Datenl\u00f6schung und Speicherdauer<br>Die personenbezogenen Daten der betroffenen Person werden gel\u00f6scht oder gesperrt, sobald<br>der Zweck der Speicherung entf\u00e4llt. Eine Speicherung kann dar\u00fcber hinaus erfolgen, wenn<br>dies durch den europ\u00e4ischen oder nationalen Gesetzgeber in unionsrechtlichen<br>Verordnungen, Gesetzen oder sonstigen Vorschriften, denen der Verantwortliche unterliegt,<br>vorgesehen wurde. Eine Sperrung oder L\u00f6schung der Daten erfolgt auch dann, wenn eine durch die genannten Normen vorgeschriebene Speicherfrist abl\u00e4uft, es sei denn, dass eine Erforderlichkeit zur weiteren Speicherung der Daten f\u00fcr einen Vertragsabschluss oder eine Vertragserf\u00fcllung besteht. Sie haben jederzeit das Recht, unentgeltlich Auskunft \u00fcber Herkunft, Empf\u00e4nger und Zweck Ihrer gespeicherten personenbezogenen Daten zu erhalten. Sie haben au\u00dferdem ein Recht, die Berichtigung oder L\u00f6schung dieser Daten zu verlangen. Wenn Sie eine Einwilligung zur Datenverarbeitung erteilt haben, k\u00f6nnen Sie diese Einwilligung jederzeit f\u00fcr die Zukunft widerrufen. Au\u00dferdem haben Sie das Recht, unter bestimmten Umst\u00e4nden die Einschr\u00e4nkung der Verarbeitung Ihrer personenbezogenen Daten zu verlangen. Des Weiteren steht Ihnen ein Beschwerderecht bei der zust\u00e4ndigen Aufsichtsbeh\u00f6rde zu.<\/li>\n<\/ol>\n\n\n\n<p><\/p>\n\n\n\n<p><strong> Bereitstellung der Website und Erstellung von Logfiles<\/strong><\/p>\n\n\n\n<p>Beschreibung und Umfang der Datenverarbeitung<br>Bei jedem Aufruf unserer Internetseite erfasst unser System automatisiert Daten und<br>Informationen vom Computersystem des aufrufenden Rechners.<br>Folgende Daten werden hierbei erhoben:<br><br>(1) Informationen \u00fcber den Browsertyp und die verwendete Version<br>(2) Das Betriebssystem des Nutzers<br>(3) Den Internet-Service-Provider des Nutzers<br>(4) Die IP-Adresse des Nutzers<br>(5) Datum und Uhrzeit des Zugriffs<br>(6) Websites, von denen das System des Nutzers auf unsere Internetseite gelangt<br>(7) Websites, die vom System des Nutzers \u00fcber unsere Website aufgerufen werden                                                                                                         (8) Die Daten werden ebenfalls in den Logfiles unseres Systems gespeichert. Eine Speicherung<br>dieser Daten zusammen mit anderen personenbezogenen Daten des Nutzers findet nicht<br>statt.<\/p>\n\n\n\n<p><strong> Rechtsgrundlage f\u00fcr die Datenverarbeitung<\/strong><br>Rechtsgrundlage f\u00fcr die vor\u00fcbergehende Speicherung der Daten und der Logfiles ist<br>Art. 6 Abs. 1 lit. f DSGVO.<\/p>\n\n\n\n<p><strong>Zweck der Datenverarbeitung<\/strong><br>Die vor\u00fcbergehende Speicherung der IP-Adresse durch das System ist notwendig, um eine<br>Auslieferung der Website an den Rechner des Nutzers zu erm\u00f6glichen. Hierf\u00fcr muss die IPAdresse des Nutzers f\u00fcr die Dauer der Sitzung gespeichert bleiben.<br>Falls eine Speicherung von IP-Adressen in Logfiles erfolgt:<br>Die Speicherung in Logfiles erfolgt, um die Funktionsf\u00e4higkeit der Website<br>sicherzustellen. Zudem dienen uns die Daten zur technischen Optimierung der Website<br>und zur Sicherstellung der Sicherheit unserer informationstechnischen Systeme. Eine<br>Auswertung der Daten zu Marketingzwecken findet in diesem Zusammenhang nicht<br>statt.<br>In diesen Zwecken liegt auch unser berechtigtes Interesse an der Datenverarbeitung nach<br>Art. 6 Abs. 1 lit. f DSGVO.<\/p>\n\n\n\n<p><strong>Dauer der Speicherung<\/strong><br>Die Daten werden gel\u00f6scht, sobald sie f\u00fcr die Erreichung des Zweckes ihrer Erhebung nicht<br>mehr erforderlich sind. Im Falle der Erfassung der Daten zur Bereitstellung der Website ist dies<br>der Fall, wenn die jeweilige Sitzung beendet ist.<br>Falls eine Speicherung von IP-Adressen in Logfiles erfolgt:<br>Im Falle der Speicherung der Daten in Logfiles ist dies nach sp\u00e4testens sieben Tagen<br>der Fall. Eine dar\u00fcberhinausgehende Speicherung ist m\u00f6glich. In diesem Fall werden<br>die IP-Adressen der Nutzer gel\u00f6scht oder verfremdet, sodass eine Zuordnung des<br>aufrufenden Clients nicht mehr m\u00f6glich ist<\/p>\n\n\n\n<p><strong>Widerspruchs- und Beseitigungsm\u00f6glichkeit<\/strong><br>Die Erfassung der Daten zur Bereitstellung der Website und die Speicherung der Daten in<br>Logfiles ist f\u00fcr den Betrieb der Internetseite zwingend erforderlich. Es besteht folglich seitens<br>des Nutzers keine Widerspruchsm\u00f6glichkeit.<\/p>\n\n\n\n<ol start=\"3\" class=\"wp-block-list\"><\/ol>\n\n\n\n<p><strong>Verwendung von Cookies<\/strong><\/p>\n\n\n\n<ol start=\"2\" class=\"wp-block-list\"><\/ol>\n\n\n\n<ol class=\"wp-block-list\">\n<li>Beschreibung und Umfang der Datenverarbeitung<br>Unsere Webseite verwendet Cookies. Bei Cookies handelt es sich um Textdateien, die im<br>Internetbrowser bzw. vom Internetbrowser auf dem Computersystem des Nutzers<br>gespeichert werden. Ruft ein Nutzer eine Website auf, so kann ein Cookie auf dem<br>Betriebssystem des Nutzers gespeichert werden. Dieser Cookie enth\u00e4lt eine charakteristische<br>Zeichenfolge, die eine eindeutige Identifizierung des Browsers beim erneuten Aufrufen der<br>Website erm\u00f6glicht.<\/li>\n<\/ol>\n\n\n\n<p>Wir setzen Cookies ein, um unsere Website funktionsf\u00e4hig zu gestalten. Einige<br>Elemente unserer Internetseite erfordern es, dass der aufrufende Browser auch nach<br>einem Seitenwechsel identifiziert werden kann.<br>In den Cookies werden dabei folgende Daten gespeichert und \u00fcbermittelt:<br>(1) Spracheinstellungen<br>(2) Artikel in einem Warenkorb<br>(3) Log-In-Informationen                                                                                                                                                                                                           <br>                       <\/p>\n\n\n\n<p><strong>Rechtsgrundlage f\u00fcr die Datenverarbeitung<\/strong><\/p>\n\n\n\n<p>Die Rechtsgrundlage f\u00fcr die Verarbeitung personenbezogener Daten unter<br>Verwendung von technisch erforderlichen Cookies i.S.d. \u00a7 25 Abs. 2 TTDSG ist Art. 6<br>Abs. 1 lit. f DSGVO.<\/p>\n\n\n\n<p><strong>Zweck der Datenverarbeitung<\/strong><br><br>Der Zweck der Verwendung technisch notwendiger Cookies ist, die Nutzung von<br>Websites f\u00fcr die Nutzer zu erm\u00f6glichen. Einige Funktionen unserer Internetseite<br>k\u00f6nnen ohne den Einsatz von Cookies nicht angeboten werden. F\u00fcr diese ist es<br>erforderlich, dass der Browser auch nach einem Seitenwechsel wiedererkannt wird.<br>F\u00fcr folgende Anwendungen ben\u00f6tigen wir Cookies:<br> \u00dcbernahme von Spracheinstellungen<br> Log-In-Informationen<br>Die durch technisch notwendige Cookies erhobenen Nutzerdaten werden nicht zur<br>Erstellung von Nutzerprofilen verwendet. In diesen Zwecken liegt auch unser berechtigtes Interesse in der nachfolgenden Verarbeitung<br>der personenbezogenen Daten nach Art. 6 Abs. 1 lit. f DSGVO.<\/p>\n\n\n\n<p><strong>Dauer der Speicherung, Widerspruchs- und Beseitigungsm\u00f6glichkeit<\/strong><br>Cookies werden auf dem Rechner des Nutzers gespeichert und von diesem an unsere Seite<br>\u00fcbermittelt. Daher haben Sie als Nutzer auch die volle Kontrolle \u00fcber die Verwendung von<br>Cookies. Durch eine \u00c4nderung der Einstellungen in Ihrem Internetbrowser k\u00f6nnen Sie die<br>Speicherung von Cookies deaktivieren oder einschr\u00e4nken. Bereits gespeicherte Cookies<br>k\u00f6nnen jederzeit gel\u00f6scht werden. Dies kann auch automatisiert erfolgen. Werden Cookies<br>f\u00fcr unsere Website deaktiviert, k\u00f6nnen m\u00f6glicherweise nicht mehr alle Funktionen der<br>Website vollumf\u00e4nglich genutzt werden.<\/p>\n\n\n\n<p><strong>Kontaktformular und E-Mail-Kontakt<\/strong><\/p>\n\n\n\n<ol class=\"wp-block-list\">\n<li><strong>Beschreibung und Umfang der Datenverarbeitung<\/strong><br>Auf unserer Internetseite ist ein Kontaktformular vorhanden, welches f\u00fcr die elektronische<br>Kontaktaufnahme genutzt werden kann. Nimmt ein Nutzer diese M\u00f6glichkeit wahr, so werden<br>die in der Eingabemaske eingegeben Daten an uns \u00fcbermittelt und gespeichert. Diese Daten<br>sind:<br><br>Im Zeitpunkt der Absendung der Nachricht werden zudem folgende Daten gespeichert:<br>Es folgt eine Auflistung der entsprechenden Daten. <br>(1) Die IP-Adresse des Nutzers<br>(2) Datum und Uhrzeit der Registrierung                                                                                                                                                                           (3) Name                                                                                                                                                                                                                                        (4) Email Adresse<br>F\u00fcr die Verarbeitung der Daten wird im Rahmen des Absendevorgangs Ihre Einwilligung<br>eingeholt und auf diese Datenschutzerkl\u00e4rung verwiesen.<\/li>\n<\/ol>\n\n\n\n<p>Alternativ ist eine Kontaktaufnahme \u00fcber die bereitgestellte E-Mail-Adresse m\u00f6glich. In<br>diesem Fall werden die mit der E-Mail \u00fcbermittelten personenbezogenen Daten des Nutzers<br>gespeichert.<br>Es erfolgt in diesem Zusammenhang keine Weitergabe der Daten an Dritte. Die Daten werden<br>ausschlie\u00dflich f\u00fcr die Verarbeitung der Konversation verwendet.<\/p>\n\n\n\n<p><strong>Daten die im Studio erhoben werden:<\/strong><\/p>\n\n\n\n<p>&#8211; Name \/ Anschrift<\/p>\n\n\n\n<p>&nbsp;&#8211; Telefon \/ Handynummer \/ ggf. E-Mail<\/p>\n\n\n\n<p>&nbsp;&#8211; Geburtsdatum<\/p>\n\n\n\n<p>&nbsp;&#8211; Gesundheitsrelevante Fragen, zusammengefasst in einem Anamnesebogen<\/p>\n\n\n\n<p><strong>Form der Daten:<\/strong><\/p>\n\n\n\n<p>&#8211; Dokument (Handschriftlich\/Maschinell)<\/p>\n\n\n\n<p><strong>Zweck der Datenerhebung:<\/strong><\/p>\n\n\n\n<p>Ihre Daten werden ausschlie\u00dflich zum Zweck der komfortablen und schnellen Kommunikation mit Ihnen, der Rechnungsstellung und der individuellen Planung und professionellen Steuerung Ihrer Dienstleistungen bei Relax Naturkosmetikstudio erhoben.<\/p>\n\n\n\n<p><strong>Wer hat Zugriff auf Ihre Daten:<\/strong><\/p>\n\n\n\n<p>Grunds\u00e4tzlich hat nur die Gesch\u00e4ftsleitung von Relax Naturkosmetikstudio Zugriff.<\/p>\n\n\n\n<p>Selbstverst\u00e4ndlich haben Sie pers\u00f6nlich jederzeit das Recht Ihre Daten einzusehen.<\/p>\n\n\n\n<p><strong>Speicherort Ihrer Daten:<\/strong><\/p>\n\n\n\n<p>Ausschlie\u00dflich schriftlich auf einem Anamnesebogen .<\/p>\n\n\n\n<p><strong>Dauer der Datenspeicherung:<\/strong><\/p>\n\n\n\n<p>Ihre Daten werden von uns gespeichert solange Sie mit uns im Dienstleistungsverh\u00e4ltnis stehen.<\/p>\n\n\n\n<p>Sollten Sie 1 Jahre lang nicht mit uns in einem Dienstleistungsverh\u00e4ltnis stehen, werden Ihre Daten unwiederbringlich gel\u00f6scht.<\/p>\n\n\n\n<p>Dies bedeutet, dass bei einem Wiederaufnehmen des Dienstleistungsverh\u00e4ltnisses Ihre Daten neu erfasst werden m\u00fcssen.<\/p>\n\n\n\n<p>Sobald Sie es ausdr\u00fccklich wollen, werden alle Ihre Daten die uns von Ihnen vorliegen innerhalb von 48 Stunden gel\u00f6scht.<\/p>\n\n\n\n<p><strong>Kommunikationsdaten und Inhalte:<\/strong><\/p>\n\n\n\n<p>Unsere Telefonanbieter, E-Mail Anbieter und Webseiten Anbieter sind Provider und Ihre wie unsere Daten und Inhalte werden auf deren Servern zwischengespeichert. Alle unterliegen ebenfalls der DSGVO!<\/p>\n\n\n\n<p>Dessen m\u00fcssen Sie sich bewusst sein.<\/p>\n\n\n\n<p>Sollten Sie dieses ausdr\u00fccklich nicht w\u00fcnschen m\u00fcssen Sie von diesen Kommunikationswegen wohl leider absehen.<\/p>\n\n\n\n<p><strong>WhatsApp:<\/strong><\/p>\n\n\n\n<p>Obwohl eine Ende zu Ende Verschl\u00fcsselung des Anbieters gew\u00e4hrleistet ist, muss Ihnen bewusst sein, dass Ihre und unsere Daten und Inhalte auf Servern von WhatsApp gespeichert liegen. Diese stehen aktuellen Informationen nach in den USA und k\u00f6nnen somit nicht vom DSGVO erfasst und gesch\u00fctzt werden.<\/p>\n\n\n\n<p>Ich m\u00f6chten aber als Dienstleister nicht auf den sehr komfortablen Kommunikationsweg verzichten.<\/p>\n\n\n\n<p>Wenn Sie mit uns \u00fcber WhatsApp in Kontakt treten und\/oder stehen so stimmen Sie ausdr\u00fccklich der Datenverarbeitung und den bestehenden Bedenken zu und \u00fcbernehmen Ihre anteilm\u00e4\u00dfige Verantwortung.<\/p>\n\n\n\n<p><strong>Datenschutz:<\/strong><\/p>\n\n\n\n<p>Die Betreiber dieser Seiten nehmen den Schutz Ihrer pers\u00f6nlichen Daten sehr ernst. Wir behandeln Ihre personenbezogenen Daten vertraulich und entsprechend der gesetzlichen Datenschutzvorschriften sowie dieser Datenschutzerkl\u00e4rung.<\/p>\n\n\n\n<p>Die Nutzung unserer Webseite ist in der Regel ohne Angabe personenbezogener Daten m\u00f6glich. Soweit auf unseren Seiten personenbezogene Daten (beispielsweise Name, Anschrift oder E-Mail-Adressen) erhoben werden, erfolgt dies, soweit m\u00f6glich, stets auf freiwilliger Basis. Diese Daten werden ohne Ihre ausdr\u00fcckliche Zustimmung nicht an Dritte weitergegeben.<\/p>\n\n\n\n<p>Wir weisen darauf hin, dass die Daten\u00fcbertragung im Internet (z.B. bei der Kommunikation per E-Mail) Sicherheitsl\u00fccken aufweisen kann. Ein l\u00fcckenloser Schutz der Daten vor dem Zugriff durch Dritte ist nicht m\u00f6glich.<\/p>\n\n\n\n<p><strong>Hosting<\/strong><\/p>\n\n\n\n<p>Wir hosten die Inhalte unserer Website bei folgendem Anbieter: GMX.de das ist ein Externes Hosting.<\/p>\n\n\n\n<p>Diese Website wird extern gehostet. Die personenbezogenen Daten, die auf dieser Website erfasst werden, werden auf den Servern des Hosters \/ der Hoster gespeichert. Hierbei kann es sich v.&nbsp;a. um IP-Adressen, Kontaktanfragen, Meta- und Kommunikationsdaten, Vertragsdaten, Kontaktdaten, Namen, Websitezugriffe und sonstige Daten, die \u00fcber eine Website generiert werden, handeln.<\/p>\n\n\n\n<p>Das externe Hosting erfolgt zum Zwecke der Vertragserf\u00fcllung gegen\u00fcber unseren potenziellen und bestehenden Kunden (Art. 6 Abs. 1 lit. b DSGVO) und im Interesse einer sicheren, schnellen und effizienten Bereitstellung unseres Online-Angebots durch einen professionellen Anbieter (Art. 6 Abs. 1 lit. f DSGVO). Sofern eine entsprechende Einwilligung abgefragt wurde, erfolgt die Verarbeitung ausschlie\u00dflich auf Grundlage von Art. 6 Abs. 1 lit. a DSGVO und \u00a7 25 Abs. 1 TDDDG, soweit die Einwilligung die Speicherung von Cookies oder den Zugriff auf Informationen im Endger\u00e4t des Nutzers (z.&nbsp;B. Device-Fingerprinting) im Sinne des TDDDG umfasst. Die Einwilligung ist jederzeit widerrufbar.<\/p>\n\n\n\n<p>Unser(e) Hoster wird bzw. werden Ihre Daten nur insoweit verarbeiten, wie dies zur Erf\u00fcllung seiner Leistungspflichten erforderlich ist und unsere Weisungen in Bezug auf diese Daten befolgen.<\/p>\n\n\n\n<p>Wir setzen folgende(n) Hoster ein: <\/p>\n\n\n\n<p><strong>1&amp;1 Mail &amp; Media GmbH<\/strong><br><strong>Zweigniederlassung Karlsruhe<\/strong><\/p>\n\n\n\n<p>Brauerstr. 48<br>76135 Karlsruhe<br>Deutschland<\/p>\n\n\n\n<p><strong>Gesch\u00e4ftsf\u00fchrung<\/strong><strong>:<\/strong><br>Alexander Charles, Dr. Michael Hagenau, Thomas Ludwig,&nbsp;Dr. Verena Patzelt<\/p>\n\n\n\n<p>Hauptsitz Montabaur<br>Amtsgericht Montabaur<br>HRB 7666<br>UST-Id. DE243413002<\/p>\n\n\n\n<p><strong>E-Mail:&nbsp;<\/strong><a target=\"_blank\" rel=\"noreferrer noopener\" href=\"mailto:impressum@info.gmx.net\">impressum@info.gmx.net<\/a><\/p>\n\n\n\n<p> <a href=\"https:\/\/agb-server.gmx.net\/datenschutz\">https:\/\/agb-server.gmx.net\/datenschutz<\/a><\/p>\n\n\n\n<ol start=\"2\" class=\"wp-block-list\">\n<li><strong>Rechtsgrundlage f\u00fcr die Datenverarbeitung<\/strong><br>Rechtsgrundlage f\u00fcr die Verarbeitung der Daten ist bei Vorliegen einer Einwilligung des<br>Nutzers Art. 6 Abs. 1 lit. a DSGVO.<br>Rechtsgrundlage f\u00fcr die Verarbeitung der Daten, die im Zuge einer \u00dcbersendung einer E-Mail<br>\u00fcbermittelt werden, ist Art. 6 Abs. 1 lit. f DSGVO. Zielt der E-Mail-Kontakt auf den Abschluss<br>eines Vertrages ab, so ist zus\u00e4tzliche Rechtsgrundlage f\u00fcr die Verarbeitung Art. 6 Abs. 1 lit. b<br>DSGVO.<\/li>\n\n\n\n<li><strong>Zweck der Datenverarbeitung<\/strong><br>Die Verarbeitung der personenbezogenen Daten aus der Eingabemaske dient uns allein zur<br>Bearbeitung der Kontaktaufnahme. Im Falle einer Kontaktaufnahme per E-Mail liegt hieran<br>auch das erforderliche berechtigte Interesse an der Verarbeitung der Daten.<br>Die sonstigen w\u00e4hrend des Absendevorgangs verarbeiteten personenbezogenen Daten<br>dienen dazu, einen Missbrauch des Kontaktformulars zu verhindern und die Sicherheit unserer<br>informationstechnischen Systeme sicherzustellen.<\/li>\n\n\n\n<li><strong>Dauer der Speicherung<\/strong><br>Die Daten werden gel\u00f6scht, sobald sie f\u00fcr die Erreichung des Zweckes ihrer Erhebung nicht<br>mehr erforderlich sind. F\u00fcr die personenbezogenen Daten aus der Eingabemaske des<br>Kontaktformulars und diejenigen, die per E-Mail \u00fcbersandt wurden, ist dies dann der Fall,<br>wenn die jeweilige Konversation mit dem Nutzer beendet ist. Beendet ist die Konversation<br>dann, wenn sich aus den Umst\u00e4nden entnehmen l\u00e4sst, dass der betroffene Sachverhalt<br>abschlie\u00dfend gekl\u00e4rt ist.<br>Die w\u00e4hrend des Absendevorgangs zus\u00e4tzlich erhobenen personenbezogenen Daten werden<br>sp\u00e4testens nach einer Frist von sieben Tagen gel\u00f6scht.<\/li>\n\n\n\n<li><strong>Widerspruchs- und Beseitigungsm\u00f6glichkeit<\/strong>                                                                                                                                      personenbezogenen Daten zu widerrufen. Nimmt der Nutzer per E-Mail Kontakt mit uns auf, so kann er der Speicherung seiner personenbezogenen Daten jederzeit widersprechen. In einem solchen Fall kann die Konversation nicht fortgef\u00fchrt werden. Bitte schicken Sie uns eine Email.<\/li>\n<\/ol>\n\n\n\n<p><strong>Rechte der betroffenen Person<\/strong><\/p>\n\n\n\n<p>Werden personenbezogene Daten von Ihnen verarbeitet, sind Sie Betroffener i.S.d. DSGVO<br>und es stehen Ihnen folgende Rechte gegen\u00fcber dem Verantwortlichen zu:<\/p>\n\n\n\n<ol class=\"wp-block-list\">\n<li>Auskunftsrecht<br>Sie k\u00f6nnen von dem Verantwortlichen eine Best\u00e4tigung dar\u00fcber verlangen, ob<br>personenbezogene Daten, die Sie betreffen, von uns verarbeitet werden.<br>Liegt eine solche Verarbeitung vor, k\u00f6nnen Sie von dem Verantwortlichen \u00fcber folgende<br>Informationen Auskunft verlangen:<br>(1) die Zwecke, zu denen die personenbezogenen Daten verarbeitet werden;<br>(2) die Kategorien von personenbezogenen Daten, welche verarbeitet werden;<br>(3) die Empf\u00e4nger bzw. die Kategorien von Empf\u00e4ngern, gegen\u00fcber denen die Sie<br>betreffenden personenbezogenen Daten offengelegt wurden oder noch offengelegt<br>werden;<br>(4) die geplante Dauer der Speicherung der Sie betreffenden personenbezogenen Daten<br>oder, falls konkrete Angaben hierzu nicht m\u00f6glich sind, Kriterien f\u00fcr die Festlegung der<br>Speicherdauer;<br>(5) das Bestehen eines Rechts auf Berichtigung oder L\u00f6schung der Sie betreffenden<br>personenbezogenen Daten, eines Rechts auf Einschr\u00e4nkung der Verarbeitung durch<br>den Verantwortlichen oder eines Widerspruchsrechts gegen diese Verarbeitung;<br>(6) das Bestehen eines Beschwerderechts bei einer Aufsichtsbeh\u00f6rde;<br>(7) alle verf\u00fcgbaren Informationen \u00fcber die Herkunft der Daten, wenn die<br>personenbezogenen Daten nicht bei der betroffenen Person erhoben werden;<br>(8) das Bestehen einer automatisierten Entscheidungsfindung einschlie\u00dflich Profiling<br>gem\u00e4\u00df Art. 22 Abs. 1 und 4 DSGVO und \u2013 zumindest in diesen F\u00e4llen \u2013 aussagekr\u00e4ftige<br>Informationen \u00fcber die involvierte Logik sowie die Tragweite und die angestrebten<br>Auswirkungen einer derartigen Verarbeitung f\u00fcr die betroffene Person.<br>Ihnen steht das Recht zu, Auskunft dar\u00fcber zu verlangen, ob die Sie betreffenden<br>personenbezogenen Daten in ein Drittland oder an eine internationale Organisation \u00fcbermittelt werden. In diesem Zusammenhang k\u00f6nnen Sie verlangen, \u00fcber die geeigneten Garantien gem. Art. 46 DSGVO im Zusammenhang mit der \u00dcbermittlung unterrichtet zu werden.<\/li>\n<\/ol>\n<\/div><\/div>\n\n\n\n<ol start=\"2\" class=\"wp-block-list\">\n<li>Recht auf Berichtigung<br>Sie haben ein Recht auf Berichtigung und\/oder Vervollst\u00e4ndigung gegen\u00fcber dem<br>Verantwortlichen, sofern die verarbeiteten personenbezogenen Daten, die Sie betreffen,<br>unrichtig oder unvollst\u00e4ndig sind. Der Verantwortliche hat die Berichtigung unverz\u00fcglich<br>vorzunehmen. <\/li>\n\n\n\n<li>Recht auf Einschr\u00e4nkung der Verarbeitung<br>Unter den folgenden Voraussetzungen k\u00f6nnen Sie die Einschr\u00e4nkung der Verarbeitung der Sie<br>betreffenden personenbezogenen Daten verlangen:<br>(1) wenn Sie die Richtigkeit der Sie betreffenden personenbezogenen f\u00fcr eine Dauer<br>bestreiten, die es dem Verantwortlichen erm\u00f6glicht, die Richtigkeit der<br>personenbezogenen Daten zu \u00fcberpr\u00fcfen;<br>(2) die Verarbeitung unrechtm\u00e4\u00dfig ist und Sie die L\u00f6schung der personenbezogenen<br>Daten ablehnen und stattdessen die Einschr\u00e4nkung der Nutzung der<br>personenbezogenen Daten verlangen;<br>(3) der Verantwortliche die personenbezogenen Daten f\u00fcr die Zwecke der Verarbeitung<br>nicht l\u00e4nger ben\u00f6tigt, Sie diese jedoch zur Geltendmachung, Aus\u00fcbung oder<br>Verteidigung von Rechtsanspr\u00fcchen ben\u00f6tigen, oder<br>(4) wenn Sie Widerspruch gegen die Verarbeitung gem\u00e4\u00df Art. 21 Abs. 1 DSGVO eingelegt<br>haben und noch nicht feststeht, ob die berechtigten Gr\u00fcnde des Verantwortlichen<br>gegen\u00fcber Ihren Gr\u00fcnden \u00fcberwiegen.<br>Wurde die Verarbeitung der Sie betreffenden personenbezogenen Daten eingeschr\u00e4nkt,<br>d\u00fcrfen diese Daten \u2013 von ihrer Speicherung abgesehen \u2013 nur mit Ihrer Einwilligung oder zur<br>Geltendmachung, Aus\u00fcbung oder Verteidigung von Rechtsanspr\u00fcchen oder zum Schutz der<br>Rechte einer anderen nat\u00fcrlichen oder juristischen Person oder aus Gr\u00fcnden eines wichtigen<br>\u00f6ffentlichen Interesses der Union oder eines Mitgliedstaats verarbeitet werden.<br>Wurde die Einschr\u00e4nkung der Verarbeitung nach den o.g. Voraussetzungen eingeschr\u00e4nkt,<br>werden Sie von dem Verantwortlichen unterrichtet bevor die Einschr\u00e4nkung aufgehoben<br>wird.<\/li>\n\n\n\n<li>Recht auf L\u00f6schung<br>a) L\u00f6schungspflicht<br>Sie k\u00f6nnen von dem Verantwortlichen verlangen, dass die Sie betreffenden<br>personenbezogenen Daten unverz\u00fcglich gel\u00f6scht werden, und der Verantwortliche ist<br>verpflichtet, diese Daten unverz\u00fcglich zu l\u00f6schen, sofern einer der folgenden Gr\u00fcnde zutrifft:<br>(1) Die Sie betreffenden personenbezogenen Daten sind f\u00fcr die Zwecke, f\u00fcr die sie<br>erhoben oder auf sonstige Weise verarbeitet wurden, nicht mehr notwendig.<br>(2) Sie widerrufen Ihre Einwilligung, auf die sich die Verarbeitung gem. Art. 6 Abs. 1 lit. a<br>oder Art. 9 Abs. 2 lit. a DSGVO st\u00fctzte, und es fehlt an einer anderweitigen<br>Rechtsgrundlage f\u00fcr die Verarbeitung.<br>(3) Sie legen gem. Art. 21 Abs. 1 DSGVO Widerspruch gegen die Verarbeitung ein und es<br>liegen keine vorrangigen berechtigten Gr\u00fcnde f\u00fcr die Verarbeitung vor, oder Sie legen<br>gem. Art. 21 Abs. 2 DSGVO Widerspruch gegen die Verarbeitung ein.<br>(4) Die Sie betreffenden personenbezogenen Daten wurden unrechtm\u00e4\u00dfig verarbeitet.<br>(5) Die L\u00f6schung der Sie betreffenden personenbezogenen Daten ist zur Erf\u00fcllung einer<br>rechtlichen Verpflichtung nach dem Unionsrecht oder dem Recht der Mitgliedstaaten<br>erforderlich, dem der Verantwortliche unterliegt.<br>(6) Die Sie betreffenden personenbezogenen Daten wurden in Bezug auf angebotene<br>Dienste der Informationsgesellschaft gem\u00e4\u00df Art. 8 Abs. 1 DSGVO erhoben.<br>b) Information an Dritte<br>Hat der Verantwortliche die Sie betreffenden personenbezogenen Daten \u00f6ffentlich gemacht<br>und ist er gem. Art. 17 Abs. 1 DSGVO zu deren L\u00f6schung verpflichtet, so trifft er unter<br>Ber\u00fccksichtigung der verf\u00fcgbaren Technologie und der Implementierungskosten<br>angemessene Ma\u00dfnahmen, auch technischer Art, um f\u00fcr die Datenverarbeitung<br>Verantwortliche, die die personenbezogenen Daten verarbeiten, dar\u00fcber zu informieren, dass<br>Sie als betroffene Person von ihnen die L\u00f6schung aller Links zu diesen personenbezogenen<br>Daten oder von Kopien oder Replikationen dieser personenbezogenen Daten verlangt haben.<br>c) Ausnahmen<br>Das Recht auf L\u00f6schung besteht nicht, soweit die Verarbeitung erforderlich ist<br>(1) zur Aus\u00fcbung des Rechts auf freie Meinungs\u00e4u\u00dferung und Information;<br>(2) zur Erf\u00fcllung einer rechtlichen Verpflichtung, die die Verarbeitung nach dem Recht der<br>Union oder der Mitgliedstaaten, dem der Verantwortliche unterliegt, erfordert, oder<br>zur Wahrnehmung einer Aufgabe, die im \u00f6ffentlichen Interesse liegt oder in Aus\u00fcbung<br>\u00f6ffentlicher Gewalt erfolgt, die dem Verantwortlichen \u00fcbertragen wurde;<br>(3) aus Gr\u00fcnden des \u00f6ffentlichen Interesses im Bereich der \u00f6ffentlichen Gesundheit<br>gem\u00e4\u00df Art. 9 Abs. 2 lit. h und i sowie Art. 9 Abs. 3 DSGVO;<br>(4) f\u00fcr im \u00f6ffentlichen Interesse liegende Archivzwecke, wissenschaftliche oder<br>historische Forschungszwecke oder f\u00fcr statistische Zwecke gem. Art. 89 Abs. 1 DSGVO,<br>soweit das unter Abschnitt a) genannte Recht voraussichtlich die Verwirklichung der<br>Ziele dieser Verarbeitung unm\u00f6glich macht oder ernsthaft beeintr\u00e4chtigt, oder<br>(5) zur Geltendmachung, Aus\u00fcbung oder Verteidigung von Rechtsanspr\u00fcchen.<\/li>\n\n\n\n<li>Recht auf Unterrichtung<br>Haben Sie das Recht auf Berichtigung, L\u00f6schung oder Einschr\u00e4nkung der Verarbeitung<br>gegen\u00fcber dem Verantwortlichen geltend gemacht, ist dieser verpflichtet, allen Empf\u00e4ngern,<br>denen die Sie betreffenden personenbezogenen Daten offengelegt wurden, diese<br>Stand September 2022<br>24<br>Berichtigung oder L\u00f6schung der Daten oder Einschr\u00e4nkung der Verarbeitung mitzuteilen, es<br>sei denn, dies erweist sich als unm\u00f6glich oder ist mit einem unverh\u00e4ltnism\u00e4\u00dfigen Aufwand<br>verbunden.<br>Ihnen steht gegen\u00fcber dem Verantwortlichen das Recht zu, \u00fcber diese Empf\u00e4nger<br>unterrichtet zu werden.<\/li>\n\n\n\n<li>Recht auf Daten\u00fcbertragbarkeit<br>Sie haben das Recht, die Sie betreffenden personenbezogenen Daten, die Sie dem<br>Verantwortlichen bereitgestellt haben, in einem strukturierten, g\u00e4ngigen und<br>maschinenlesbaren Format zu erhalten. Au\u00dferdem haben Sie das Recht diese Daten einem<br>anderen Verantwortlichen ohne Behinderung durch den Verantwortlichen, dem die<br>personenbezogenen Daten bereitgestellt wurden, zu \u00fcbermitteln, sofern<br>(1) die Verarbeitung auf einer Einwilligung gem. Art. 6 Abs. 1 lit. a DSGVO oder Art. 9<br>Abs. 2 lit. a DSGVO oder auf einem Vertrag gem. Art. 6 Abs. 1 lit. b DSGVO beruht und<br>(2) die Verarbeitung mithilfe automatisierter Verfahren erfolgt.<br>In Aus\u00fcbung dieses Rechts haben Sie ferner das Recht, zu erwirken, dass die Sie betreffenden<br>personenbezogenen Daten direkt von einem Verantwortlichen einem anderen<br>Verantwortlichen \u00fcbermittelt werden, soweit dies technisch machbar ist. Freiheiten und<br>Rechte anderer Personen d\u00fcrfen hierdurch nicht beeintr\u00e4chtigt werden.<br>Das Recht auf Daten\u00fcbertragbarkeit gilt nicht f\u00fcr eine Verarbeitung personenbezogener<br>Daten, die f\u00fcr die Wahrnehmung einer Aufgabe erforderlich ist, die im \u00f6ffentlichen Interesse<br>liegt oder in Aus\u00fcbung \u00f6ffentlicher Gewalt erfolgt, die dem Verantwortlichen \u00fcbertragen<br>wurde.<\/li>\n\n\n\n<li>Widerspruchsrecht<br>Sie haben das Recht, aus Gr\u00fcnden, die sich aus ihrer besonderen Situation ergeben, jederzeit<br>gegen die Verarbeitung der Sie betreffenden personenbezogenen Daten, die aufgrund von<br>Art. 6 Abs. 1 lit. e oder f DSGVO erfolgt, Widerspruch einzulegen; dies gilt auch f\u00fcr ein auf diese<br>Bestimmungen gest\u00fctztes Profiling.<br>Der Verantwortliche verarbeitet die Sie betreffenden personenbezogenen Daten nicht mehr,<br>es sei denn, er kann zwingende schutzw\u00fcrdige Gr\u00fcnde f\u00fcr die Verarbeitung nachweisen, die<br>Ihre Interessen, Rechte und Freiheiten \u00fcberwiegen, oder die Verarbeitung dient der<br>Geltendmachung, Aus\u00fcbung oder Verteidigung von Rechtsanspr\u00fcchen. Werden die Sie betreffenden personenbezogenen Daten verarbeitet, um Direktwerbung zu betreiben, haben Sie das Recht, jederzeit Widerspruch gegen die Verarbeitung der Sie betreffenden personenbezogenen Daten zum Zwecke derartiger Werbung einzulegen; dies gilt auch f\u00fcr das Profiling, soweit es mit solcher Direktwerbung in Verbindung steht. Widersprechen Sie der Verarbeitung f\u00fcr Zwecke der Direktwerbung, so werden die Sie betreffenden personenbezogenen Daten nicht mehr f\u00fcr diese Zwecke verarbeitet. Sie haben die M\u00f6glichkeit, im Zusammenhang mit der Nutzung von Diensten der Informationsgesellschaft \u2013 ungeachtet der Richtlinie 2002\/58\/EG \u2013 Ihr Widerspruchsrecht mittels automatisierter Verfahren auszu\u00fcben, bei denen technische Spezifikationen verwendet werden.   <\/li>\n\n\n\n<li>  Recht auf Widerruf der datenschutzrechtlichen Einwilligungserkl\u00e4rung<br>Sie haben das Recht, Ihre datenschutzrechtliche Einwilligungserkl\u00e4rung jederzeit zu<br>widerrufen. Durch den Widerruf der Einwilligung wird die Rechtm\u00e4\u00dfigkeit der aufgrund der<br>Einwilligung bis zum Widerruf erfolgten Verarbeitung nicht ber\u00fchrt.<\/li>\n\n\n\n<li>Automatisierte Entscheidung im Einzelfall einschlie\u00dflich Profiling<br>Sie haben das Recht, nicht einer ausschlie\u00dflich auf einer automatisierten Verarbeitung \u2013<br>einschlie\u00dflich Profiling \u2013 beruhenden Entscheidung unterworfen zu werden, die Ihnen<br>gegen\u00fcber rechtliche Wirkung entfaltet oder Sie in \u00e4hnlicher Weise erheblich beeintr\u00e4chtigt.<br>Dies gilt nicht, wenn die Entscheidung<br>(1) f\u00fcr den Abschluss oder die Erf\u00fcllung eines Vertrags zwischen Ihnen und dem<br>Verantwortlichen erforderlich ist,<br>(2) aufgrund von Rechtsvorschriften der Union oder der Mitgliedstaaten, denen der<br>Verantwortliche unterliegt, zul\u00e4ssig ist und diese Rechtsvorschriften angemessene<br>Ma\u00dfnahmen zur Wahrung Ihrer Rechte und Freiheiten sowie Ihrer berechtigten<br>Interessen enthalten oder<br>(3) mit Ihrer ausdr\u00fccklichen Einwilligung erfolgt.<br>Allerdings d\u00fcrfen diese Entscheidungen nicht auf besonderen Kategorien personenbezogener<br>Daten nach Art. 9 Abs. 1 DSGVO beruhen, sofern nicht Art. 9 Abs. 2 lit. a oder g DSGVO gilt und<br>angemessene Ma\u00dfnahmen zum Schutz der Rechte und Freiheiten sowie Ihrer berechtigten<br>Interessen getroffen wurden.<br>Hinsichtlich der in (1) und (3) genannten F\u00e4lle trifft der Verantwortliche angemessene<br>Ma\u00dfnahmen, um die Rechte und Freiheiten sowie Ihre berechtigten Interessen zu wahren,<br>wozu mindestens das Recht auf Erwirkung des Eingreifens einer Person seitens des<br>Verantwortlichen, auf Darlegung des eigenen Standpunkts und auf Anfechtung der<br>Entscheidung geh\u00f6rt.<\/li>\n\n\n\n<li>Recht auf Beschwerde bei einer Aufsichtsbeh\u00f6rde<br>Unbeschadet eines anderweitigen verwaltungsrechtlichen oder gerichtlichen Rechtsbehelfs<br>steht Ihnen das Recht auf Beschwerde bei einer Aufsichtsbeh\u00f6rde, insbesondere in dem<br>Mitgliedstaat ihres Aufenthaltsorts, ihres Arbeitsplatzes oder des Orts des mutma\u00dflichen<br>Versto\u00dfes, zu, wenn Sie der Ansicht sind, dass die Verarbeitung der Sie betreffenden<br>personenbezogenen Daten gegen die DSGVO verst\u00f6\u00dft.<br>Die Aufsichtsbeh\u00f6rde, bei der die Beschwerde eingereicht wurde, unterrichtet den<br>Beschwerdef\u00fchrer \u00fcber den Stand und die Ergebnisse der Beschwerde einschlie\u00dflich der<br>M\u00f6glichkeit eines gerichtlichen Rechtsbehelfs nach Art. 78 DSGVO.                                                                 <\/li>\n<\/ol>\n\n\n\n<p>\u00a0<\/p>\n\n\n\n<p><strong> <\/strong><\/p>\n\n\n\n<p><\/p>\n\n\n\n<p>Stand 10.02.2025 (Erg\u00e4nzungen und Aktualisierungen vorbehalten)<\/p>\n","protected":false},"excerpt":{"rendered":"<p>Datenschutzerkl\u00e4rung nach der DSGVO Allgemeine Hinweise Die folgenden Hinweise geben einen einfachen \u00dcberblick dar\u00fcber, was mit Ihren personenbezogenen Daten passiert, wenn Sie diese Website besuchen. Personenbezogene Daten sind alle Daten, mit denen Sie pers\u00f6nlich identifiziert werden k\u00f6nnen. Name und Anschrift des VerantwortlichenDer Verantwortliche im Sinne der Datenschutz-Grundverordnung und anderer nationalerDatenschutzgesetze der Mitgliedsstaaten sowie sonstiger datenschutzrechtlicherBestimmungen [&hellip;]<\/p>\n","protected":false},"author":1,"featured_media":0,"parent":0,"menu_order":0,"comment_status":"closed","ping_status":"closed","template":"","meta":{"ocean_post_layout":"","ocean_both_sidebars_style":"","ocean_both_sidebars_content_width":0,"ocean_both_sidebars_sidebars_width":0,"ocean_sidebar":"","ocean_second_sidebar":"","ocean_disable_margins":"enable","ocean_add_body_class":"","ocean_shortcode_before_top_bar":"","ocean_shortcode_after_top_bar":"","ocean_shortcode_before_header":"","ocean_shortcode_after_header":"","ocean_has_shortcode":"","ocean_shortcode_after_title":"","ocean_shortcode_before_footer_widgets":"","ocean_shortcode_after_footer_widgets":"","ocean_shortcode_before_footer_bottom":"","ocean_shortcode_after_footer_bottom":"","ocean_display_top_bar":"default","ocean_display_header":"default","ocean_header_style":"","ocean_center_header_left_menu":"","ocean_custom_header_template":"","ocean_custom_logo":0,"ocean_custom_retina_logo":0,"ocean_custom_logo_max_width":0,"ocean_custom_logo_tablet_max_width":0,"ocean_custom_logo_mobile_max_width":0,"ocean_custom_logo_max_height":0,"ocean_custom_logo_tablet_max_height":0,"ocean_custom_logo_mobile_max_height":0,"ocean_header_custom_menu":"","ocean_menu_typo_font_family":"","ocean_menu_typo_font_subset":"","ocean_menu_typo_font_size":0,"ocean_menu_typo_font_size_tablet":0,"ocean_menu_typo_font_size_mobile":0,"ocean_menu_typo_font_size_unit":"px","ocean_menu_typo_font_weight":"","ocean_menu_typo_font_weight_tablet":"","ocean_menu_typo_font_weight_mobile":"","ocean_menu_typo_transform":"","ocean_menu_typo_transform_tablet":"","ocean_menu_typo_transform_mobile":"","ocean_menu_typo_line_height":0,"ocean_menu_typo_line_height_tablet":0,"ocean_menu_typo_line_height_mobile":0,"ocean_menu_typo_line_height_unit":"","ocean_menu_typo_spacing":0,"ocean_menu_typo_spacing_tablet":0,"ocean_menu_typo_spacing_mobile":0,"ocean_menu_typo_spacing_unit":"","ocean_menu_link_color":"","ocean_menu_link_color_hover":"","ocean_menu_link_color_active":"","ocean_menu_link_background":"","ocean_menu_link_hover_background":"","ocean_menu_link_active_background":"","ocean_menu_social_links_bg":"","ocean_menu_social_hover_links_bg":"","ocean_menu_social_links_color":"","ocean_menu_social_hover_links_color":"","ocean_disable_title":"default","ocean_disable_heading":"default","ocean_post_title":"","ocean_post_subheading":"","ocean_post_title_style":"","ocean_post_title_background_color":"","ocean_post_title_background":0,"ocean_post_title_bg_image_position":"","ocean_post_title_bg_image_attachment":"","ocean_post_title_bg_image_repeat":"","ocean_post_title_bg_image_size":"","ocean_post_title_height":0,"ocean_post_title_bg_overlay":0.5,"ocean_post_title_bg_overlay_color":"","ocean_disable_breadcrumbs":"default","ocean_breadcrumbs_color":"","ocean_breadcrumbs_separator_color":"","ocean_breadcrumbs_links_color":"","ocean_breadcrumbs_links_hover_color":"","ocean_display_footer_widgets":"default","ocean_display_footer_bottom":"default","ocean_custom_footer_template":"","footnotes":""},"class_list":["post-1583","page","type-page","status-publish","hentry","entry"],"_links":{"self":[{"href":"https:\/\/relax-naturkosmetik.de\/home\/wp-json\/wp\/v2\/pages\/1583","targetHints":{"allow":["GET"]}}],"collection":[{"href":"https:\/\/relax-naturkosmetik.de\/home\/wp-json\/wp\/v2\/pages"}],"about":[{"href":"https:\/\/relax-naturkosmetik.de\/home\/wp-json\/wp\/v2\/types\/page"}],"author":[{"embeddable":true,"href":"https:\/\/relax-naturkosmetik.de\/home\/wp-json\/wp\/v2\/users\/1"}],"replies":[{"embeddable":true,"href":"https:\/\/relax-naturkosmetik.de\/home\/wp-json\/wp\/v2\/comments?post=1583"}],"version-history":[{"count":10,"href":"https:\/\/relax-naturkosmetik.de\/home\/wp-json\/wp\/v2\/pages\/1583\/revisions"}],"predecessor-version":[{"id":1664,"href":"https:\/\/relax-naturkosmetik.de\/home\/wp-json\/wp\/v2\/pages\/1583\/revisions\/1664"}],"wp:attachment":[{"href":"https:\/\/relax-naturkosmetik.de\/home\/wp-json\/wp\/v2\/media?parent=1583"}],"curies":[{"name":"wp","href":"https:\/\/api.w.org\/{rel}","templated":true}]}}